{"id":19,"date":"2013-10-21T15:10:22","date_gmt":"2013-10-21T14:10:22","guid":{"rendered":"http:\/\/www.touch-arts.com\/djeb\/?page_id=19"},"modified":"2025-05-23T22:57:55","modified_gmt":"2025-05-23T21:57:55","slug":"qui-suis-je","status":"publish","type":"page","link":"https:\/\/www.touch-arts.com\/djeb\/qui-suis-je\/","title":{"rendered":"Pr\u00e9sentation et Revue de Presse"},"content":{"rendered":"<p><a href=\"https:\/\/www.facebook.com\/djeb.infographiste.photographe\/\"><img loading=\"lazy\" decoding=\"async\" class=\"wp-image-204 size-full\" src=\"http:\/\/www.touch-arts.com\/djeb\/wp-content\/uploads\/2013\/10\/5315_343746085773779_8350511929613404176_n.jpg\" alt=\"30.07.14 - GH4 - Lumix \/\/ 25mm 1.4 Leica Camera \u00a9 photo par http:\/\/laurentkl.com\/ \" width=\"960\" height=\"883\" srcset=\"https:\/\/www.touch-arts.com\/djeb\/wp-content\/uploads\/2013\/10\/5315_343746085773779_8350511929613404176_n.jpg 960w, https:\/\/www.touch-arts.com\/djeb\/wp-content\/uploads\/2013\/10\/5315_343746085773779_8350511929613404176_n-300x275.jpg 300w\" sizes=\"auto, (max-width: 960px) 100vw, 960px\" \/><\/a><\/p>\n<h2>En 2 phrases !<\/h2>\n<p>\u00a0\u00bb Djeb est un de ces artistes \u00e9tonnants, en perp\u00e9tuels mouvements cr\u00e9atifs qui se sert de son espace comme d&rsquo;un terrain de jeux. De nature touche \u00e0 tout, il est tant\u00f4t infographiste, photographe-retoucheur, directeur artistique, mais surtout fondateur et Pr\u00e9sident de l&rsquo;association de promotion artistique\u00a0 <a href=\"https:\/\/www.facebook.com\/touch.arts\/\" target=\"_blank\" rel=\"nofollow noopener noreferrer\">Touch-arts.com<\/a>\u00a0\u00bb <em>Texte par Solveen Dromson<\/em><\/p>\n<p>\u00a0<\/p>\n<h2>Fondateur de l&rsquo;association <a href=\"http:\/\/touch-arts.com\" target=\"_blank\" rel=\"noopener\">Touch-Arts,<\/a> <a href=\"http:\/\/marche-des-createurs.fr\/\" target=\"_blank\" rel=\"noopener\">Les march\u00e9s des Cr\u00e9ateurs<\/a>, <a href=\"http:\/\/Raggasoundsystem.com\" target=\"_blank\" rel=\"noopener\">Raggasoundsystem<\/a><\/h2>\n<hr \/><hr \/>\n<h2>&#8211; <a href=\"http:\/\/www.touch-arts.com\/djeb\/contact\/\" target=\"_blank\" rel=\"noopener noreferrer\">Proposez moi vos projets directement ici<\/a><\/h2>\n<hr \/>\n<h3><strong>LE PROJET \u00ab\u00a0L\u00e9vitation\u00a0\u00bb :<\/strong> <em>nom f\u00e9minin (du latin levitas, -atis, l\u00e9g\u00e8ret\u00e9)<\/em><\/h3>\n<hr \/>\n<p><span style=\"color: #00ccff;\">Ph\u00e9nom\u00e8ne par lequel quelqu&rsquo;un pourrait s&rsquo;\u00e9lever dans l&rsquo;espace comme s&rsquo;il \u00e9tait d\u00e9livr\u00e9 de la pesanteur.<\/span><\/p>\n<p><strong>\u00ab\u00a0C\u2019est un peu par hasard que j\u2019ai commenc\u00e9 ce projet de photo de L\u00e9vitation \u00e0 Strasbourg en 2013. Il n\u2019\u00e9tait m\u00eame pas question de faire une s\u00e9rie \u00e0 cette \u00e9poque, mais vu les retour ultra-positifs et le nombre de demandes pour r\u00e9aliser des shooting dans le m\u00eame style, je me suis dit : aller go !<\/strong><br data-rich-text-line-break=\"true\" \/><br data-rich-text-line-break=\"true\" \/><strong>J\u2019ai eu la chance de rencontrer de tr\u00e8s belles personnes, des artistes en tout genre de la r\u00e9gion, mais aussi des familles (et d&rsquo;y faire participer mes ami(e)s). <\/strong><br data-rich-text-line-break=\"true\" \/><br data-rich-text-line-break=\"true\" \/><strong>Comme la l\u00e9gende le dit : Pas de retouche, ni de montage, juste un moment zen entre nous.\u00a0\u00bb<\/strong><em><br \/>Djeb<\/em><\/p>\n<hr \/>\n<p><strong>Avec des inspirations de Shiva : <\/strong><span class=\"fbPhotoCaptionText\">L&rsquo;hindouisme est particuli\u00e8rement connu pour ses deux grandes \u00e9pop\u00e9es, le R\u00e2m\u00e2yana et le Mah\u00e2bh\u00e2rata, r\u00e9cits c\u00e9l\u00e9brant les deux plus illustres incarnations (avatars) du dieu Vishnu.A partir de 500 av. J.-C., les \u00e9pop\u00e9es populaires qui racontaient les exploits guerriers et amoureux d&rsquo;une nouvelle lign\u00e9e de dieux &#8211; relay\u00e8rent les V\u00e9das.De nouvelles croyances apparurent, fond\u00e9es sur la fervente d\u00e9votion et l&rsquo;action d\u00e9sint\u00e9ress\u00e9e.De ces textes, sp\u00e9cialement des Pur\u00e2nas (recueils historiques et mythologiques rattach\u00e9s \u00e0 la tradition sacr\u00e9e), naquit la trinit\u00e9 hindoue : la trim\u00fbrti. Shiva est repr\u00e9sent\u00e9 sous diff\u00e9rente forme (l&rsquo;asc\u00e9tique, le yogi, le mendiant&#8230;) et poss\u00e8de, d&rsquo;apr\u00e8s les textes, 1008 noms (Shambhu, Shankara, Pashupati&#8230;).<\/span><\/p>\n\n\n\n\n<\/span>\n<div class=\"wp-block-jetpack-tiled-gallery aligncenter is-style-rectangular\">\n<div class=\"tiled-gallery__gallery\">\n<div class=\"tiled-gallery__row\">\n<div class=\"tiled-gallery__col\">\n<figure class=\"tiled-gallery__item\"><img decoding=\"async\" srcset=\"https:\/\/i0.wp.com\/www.touch-arts.com\/djeb\/wp-content\/uploads\/2019\/07\/image.jpg?strip=info&#038;w=600&#038;ssl=1 600w,https:\/\/i0.wp.com\/www.touch-arts.com\/djeb\/wp-content\/uploads\/2019\/07\/image.jpg?strip=info&#038;w=900&#038;ssl=1 900w,https:\/\/i0.wp.com\/www.touch-arts.com\/djeb\/wp-content\/uploads\/2019\/07\/image.jpg?strip=info&#038;w=960&#038;ssl=1 960w\" src=\"https:\/\/i0.wp.com\/www.touch-arts.com\/djeb\/wp-content\/uploads\/2019\/07\/image.jpg?ssl=1\" alt=\"\" data-height=\"960\" data-id=\"710\" data-link=\"https:\/\/www.touch-arts.com\/djeb\/image\/\" data-url=\"https:\/\/www.touch-arts.com\/djeb\/wp-content\/uploads\/2019\/07\/image.jpg\" data-width=\"960\" data-amp-layout=\"responsive\" \/><\/figure>\n<\/div>\n<div class=\"tiled-gallery__col\">\n<figure class=\"tiled-gallery__item\"><img decoding=\"async\" srcset=\"https:\/\/i0.wp.com\/www.touch-arts.com\/djeb\/wp-content\/uploads\/2013\/10\/935745_454423057973743_1655424322_n.jpg?strip=info&#038;w=600&#038;ssl=1 600w,https:\/\/i0.wp.com\/www.touch-arts.com\/djeb\/wp-content\/uploads\/2013\/10\/935745_454423057973743_1655424322_n.jpg?strip=info&#038;w=777&#038;ssl=1 777w\" src=\"https:\/\/i0.wp.com\/www.touch-arts.com\/djeb\/wp-content\/uploads\/2013\/10\/935745_454423057973743_1655424322_n.jpg?ssl=1\" alt=\"\" data-height=\"960\" data-id=\"198\" data-link=\"https:\/\/www.touch-arts.com\/djeb\/qui-suis-je\/935745_454423057973743_1655424322_n\/\" data-url=\"https:\/\/www.touch-arts.com\/djeb\/wp-content\/uploads\/2013\/10\/935745_454423057973743_1655424322_n.jpg\" data-width=\"777\" data-amp-layout=\"responsive\" \/><\/figure>\n<\/div>\n<div class=\"tiled-gallery__col\">\n<figure class=\"tiled-gallery__item\"><img decoding=\"async\" srcset=\"https:\/\/i0.wp.com\/www.touch-arts.com\/djeb\/wp-content\/uploads\/2013\/10\/10401875_698445423571504_876403137673713782_n.jpg?strip=info&#038;w=540&#038;ssl=1 540w\" src=\"https:\/\/i0.wp.com\/www.touch-arts.com\/djeb\/wp-content\/uploads\/2013\/10\/10401875_698445423571504_876403137673713782_n.jpg?ssl=1\" alt=\"\" data-height=\"960\" data-id=\"199\" data-link=\"https:\/\/www.touch-arts.com\/djeb\/qui-suis-je\/10401875_698445423571504_876403137673713782_n\/\" data-url=\"https:\/\/www.touch-arts.com\/djeb\/wp-content\/uploads\/2013\/10\/10401875_698445423571504_876403137673713782_n.jpg\" data-width=\"540\" data-amp-layout=\"responsive\" \/><\/figure>\n<\/div>\n<\/div>\n<div class=\"tiled-gallery__row\">\n<div class=\"tiled-gallery__col\">\n<figure class=\"tiled-gallery__item\"><img decoding=\"async\" srcset=\"https:\/\/i1.wp.com\/www.touch-arts.com\/djeb\/wp-content\/uploads\/2013\/10\/Capture-de%CC%81cran-2014-09-18-11.25.48.png?strip=info&#038;w=228&#038;ssl=1 228w\" src=\"https:\/\/i1.wp.com\/www.touch-arts.com\/djeb\/wp-content\/uploads\/2013\/10\/Capture-de%CC%81cran-2014-09-18-11.25.48.png?ssl=1\" alt=\"\" data-height=\"107\" data-id=\"217\" data-link=\"https:\/\/www.touch-arts.com\/djeb\/qui-suis-je\/capture-decran-2014-09-18-11-25-48\/\" data-url=\"https:\/\/www.touch-arts.com\/djeb\/wp-content\/uploads\/2013\/10\/Capture-de\u0301cran-2014-09-18-11.25.48.png\" data-width=\"228\" data-amp-layout=\"responsive\" \/><\/figure>\n<\/div>\n<\/div>\n<div class=\"tiled-gallery__row\">\n<div class=\"tiled-gallery__col\">\n<figure class=\"tiled-gallery__item\"><img decoding=\"async\" srcset=\"https:\/\/i2.wp.com\/www.touch-arts.com\/djeb\/wp-content\/uploads\/2013\/10\/2014-09-17-13.21.13-1024x768.jpg?strip=info&#038;w=600&#038;ssl=1 600w,https:\/\/i2.wp.com\/www.touch-arts.com\/djeb\/wp-content\/uploads\/2013\/10\/2014-09-17-13.21.13-1024x768.jpg?strip=info&#038;w=900&#038;ssl=1 900w,https:\/\/i2.wp.com\/www.touch-arts.com\/djeb\/wp-content\/uploads\/2013\/10\/2014-09-17-13.21.13-1024x768.jpg?strip=info&#038;w=1200&#038;ssl=1 1200w,https:\/\/i2.wp.com\/www.touch-arts.com\/djeb\/wp-content\/uploads\/2013\/10\/2014-09-17-13.21.13-1024x768.jpg?strip=info&#038;w=1500&#038;ssl=1 1500w,https:\/\/i2.wp.com\/www.touch-arts.com\/djeb\/wp-content\/uploads\/2013\/10\/2014-09-17-13.21.13-1024x768.jpg?strip=info&#038;w=1800&#038;ssl=1 1800w,https:\/\/i2.wp.com\/www.touch-arts.com\/djeb\/wp-content\/uploads\/2013\/10\/2014-09-17-13.21.13-1024x768.jpg?strip=info&#038;w=2000&#038;ssl=1 2000w\" src=\"https:\/\/i2.wp.com\/www.touch-arts.com\/djeb\/wp-content\/uploads\/2013\/10\/2014-09-17-13.21.13-1024x768.jpg?ssl=1\" alt=\"\" data-height=\"2448\" data-id=\"215\" data-link=\"https:\/\/www.touch-arts.com\/djeb\/qui-suis-je\/2014-09-17-13-21-13\/\" data-url=\"https:\/\/www.touch-arts.com\/djeb\/wp-content\/uploads\/2013\/10\/2014-09-17-13.21.13-1024x768.jpg\" data-width=\"3264\" data-amp-layout=\"responsive\" \/><\/figure>\n<\/div>\n<div class=\"tiled-gallery__col\">\n<figure class=\"tiled-gallery__item\"><img decoding=\"async\" srcset=\"https:\/\/i2.wp.com\/www.touch-arts.com\/djeb\/wp-content\/uploads\/2014\/09\/expo-flash-djeb-levitation-popartiserie.jpg?strip=info&#038;w=600&#038;ssl=1 600w,https:\/\/i2.wp.com\/www.touch-arts.com\/djeb\/wp-content\/uploads\/2014\/09\/expo-flash-djeb-levitation-popartiserie.jpg?strip=info&#038;w=851&#038;ssl=1 851w\" src=\"https:\/\/i2.wp.com\/www.touch-arts.com\/djeb\/wp-content\/uploads\/2014\/09\/expo-flash-djeb-levitation-popartiserie.jpg?ssl=1\" alt=\"\" data-height=\"315\" data-id=\"405\" data-link=\"https:\/\/www.touch-arts.com\/djeb\/comme-sur-un-nuage-exposition-photographique-djeb-22102014\/expo-flash-djeb-levitation-popartiserie\/\" data-url=\"https:\/\/www.touch-arts.com\/djeb\/wp-content\/uploads\/2014\/09\/expo-flash-djeb-levitation-popartiserie.jpg\" data-width=\"851\" data-amp-layout=\"responsive\" \/><\/figure>\n<\/div>\n<\/div>\n<div class=\"tiled-gallery__row\">\n<div class=\"tiled-gallery__col\">\n<figure class=\"tiled-gallery__item\"><img decoding=\"async\" srcset=\"https:\/\/i2.wp.com\/www.touch-arts.com\/djeb\/wp-content\/uploads\/2013\/10\/banniere-Expo-jeannette2017.jpg?strip=info&#038;w=600&#038;ssl=1 600w,https:\/\/i2.wp.com\/www.touch-arts.com\/djeb\/wp-content\/uploads\/2013\/10\/banniere-Expo-jeannette2017.jpg?strip=info&#038;w=851&#038;ssl=1 851w\" src=\"https:\/\/i2.wp.com\/www.touch-arts.com\/djeb\/wp-content\/uploads\/2013\/10\/banniere-Expo-jeannette2017.jpg?ssl=1\" alt=\"\" data-height=\"313\" data-id=\"440\" data-link=\"https:\/\/www.touch-arts.com\/djeb\/qui-suis-je\/banniere-expo-jeannette2017\/\" data-url=\"https:\/\/www.touch-arts.com\/djeb\/wp-content\/uploads\/2013\/10\/banniere-Expo-jeannette2017.jpg\" data-width=\"851\" data-amp-layout=\"responsive\" \/><\/figure>\n<\/div>\n<\/div>\n<div class=\"tiled-gallery__row\">\n<div class=\"tiled-gallery__col\">\n<figure class=\"tiled-gallery__item\"><img decoding=\"async\" srcset=\"https:\/\/i0.wp.com\/www.touch-arts.com\/djeb\/wp-content\/uploads\/2014\/09\/10660383_702931889789524_4596137828415496524_n.jpg?strip=info&#038;w=600&#038;ssl=1 600w,https:\/\/i0.wp.com\/www.touch-arts.com\/djeb\/wp-content\/uploads\/2014\/09\/10660383_702931889789524_4596137828415496524_n.jpg?strip=info&#038;w=640&#038;ssl=1 640w\" src=\"https:\/\/i0.wp.com\/www.touch-arts.com\/djeb\/wp-content\/uploads\/2014\/09\/10660383_702931889789524_4596137828415496524_n.jpg?ssl=1\" alt=\"\" data-height=\"640\" data-id=\"320\" data-link=\"https:\/\/www.touch-arts.com\/djeb\/book\/10660383_702931889789524_4596137828415496524_n\/\" data-url=\"https:\/\/www.touch-arts.com\/djeb\/wp-content\/uploads\/2014\/09\/10660383_702931889789524_4596137828415496524_n.jpg\" data-width=\"640\" data-amp-layout=\"responsive\" \/><\/figure>\n<\/div>\n<div class=\"tiled-gallery__col\">\n<figure class=\"tiled-gallery__item\"><img decoding=\"async\" srcset=\"https:\/\/i2.wp.com\/www.touch-arts.com\/djeb\/wp-content\/uploads\/2018\/01\/exposition-djeb-levitation-photo-01.jpg?strip=info&#038;w=600&#038;ssl=1 600w,https:\/\/i2.wp.com\/www.touch-arts.com\/djeb\/wp-content\/uploads\/2018\/01\/exposition-djeb-levitation-photo-01.jpg?strip=info&#038;w=851&#038;ssl=1 851w\" src=\"https:\/\/i2.wp.com\/www.touch-arts.com\/djeb\/wp-content\/uploads\/2018\/01\/exposition-djeb-levitation-photo-01.jpg?ssl=1\" alt=\"Au caf\u00e9 Grognon \u00e0 Strasbourg - https:\/\/marche-des-createurs.fr\" data-height=\"313\" data-id=\"471\" data-link=\"https:\/\/www.touch-arts.com\/djeb\/qui-suis-je\/exposition-djeb-levitation-photo-01\/\" data-url=\"https:\/\/www.touch-arts.com\/djeb\/wp-content\/uploads\/2018\/01\/exposition-djeb-levitation-photo-01.jpg\" data-width=\"851\" data-amp-layout=\"responsive\" \/><\/figure>\n<\/div>\n<div class=\"tiled-gallery__col\">\n<figure class=\"tiled-gallery__item\"><img decoding=\"async\" srcset=\"https:\/\/i0.wp.com\/www.touch-arts.com\/djeb\/wp-content\/uploads\/2019\/07\/logo-djeb-black-carre%CC%81-1024x1024.jpg?strip=info&#038;w=600&#038;ssl=1 600w,https:\/\/i0.wp.com\/www.touch-arts.com\/djeb\/wp-content\/uploads\/2019\/07\/logo-djeb-black-carre%CC%81-1024x1024.jpg?strip=info&#038;w=900&#038;ssl=1 900w,https:\/\/i0.wp.com\/www.touch-arts.com\/djeb\/wp-content\/uploads\/2019\/07\/logo-djeb-black-carre%CC%81-1024x1024.jpg?strip=info&#038;w=1200&#038;ssl=1 1200w,https:\/\/i0.wp.com\/www.touch-arts.com\/djeb\/wp-content\/uploads\/2019\/07\/logo-djeb-black-carre%CC%81-1024x1024.jpg?strip=info&#038;w=1245&#038;ssl=1 1245w\" src=\"https:\/\/i0.wp.com\/www.touch-arts.com\/djeb\/wp-content\/uploads\/2019\/07\/logo-djeb-black-carre%CC%81-1024x1024.jpg?ssl=1\" alt=\"\" data-height=\"1245\" data-id=\"478\" data-link=\"https:\/\/www.touch-arts.com\/djeb\/logo-djeb-black-carre\/\" data-url=\"https:\/\/www.touch-arts.com\/djeb\/wp-content\/uploads\/2019\/07\/logo-djeb-black-carre\u0301-1024x1024.jpg\" data-width=\"1245\" data-amp-layout=\"responsive\" \/><\/figure>\n<\/div>\n<\/div>\n<\/div>\n<\/div>\n<p class=\"\"><\/p>\n<p style=\"text-align: center;\"><strong>&#8212;&#8212;&#8212;&#8212;&#8212;&#8212;&#8212;&#8212;&#8212;&#8212;&#8212;&#8212;&#8212;&#8212;&#8212;&#8212;&#8212;&#8212;&#8212;&#8212;&#8212;&#8212;&#8212;&#8212;&#8212;&#8212;&#8212;&#8212;<\/strong><\/p>\n<strong>R\u00e9f\u00e9rences :<\/strong>\n&#8211; Photo du mois dans le magasine COZE n\u00b060 de Septembre 2017\n&#8211; Exposition le 02 juillet 2017 pour la f\u00eate du Neudorf \u00e0 l&rsquo;Espace 23, rue du Lazaret (GetEatOut)\n<a href=\"http:\/\/www.touch-arts.com\/djeb\/wp-content\/uploads\/2013\/10\/expo-neudorf-2017-levitation.jpg\"><img loading=\"lazy\" decoding=\"async\" class=\"alignnone wp-image-453\" src=\"http:\/\/www.touch-arts.com\/djeb\/wp-content\/uploads\/2013\/10\/expo-neudorf-2017-levitation.jpg\" alt=\"\" width=\"500\" height=\"375\" srcset=\"https:\/\/www.touch-arts.com\/djeb\/wp-content\/uploads\/2013\/10\/expo-neudorf-2017-levitation.jpg 960w, https:\/\/www.touch-arts.com\/djeb\/wp-content\/uploads\/2013\/10\/expo-neudorf-2017-levitation-300x225.jpg 300w, https:\/\/www.touch-arts.com\/djeb\/wp-content\/uploads\/2013\/10\/expo-neudorf-2017-levitation-768x576.jpg 768w\" sizes=\"auto, (max-width: 500px) 100vw, 500px\" \/><\/a>\n&#8211; Exposition chez \u00ab\u00a0Jeannette et les Cycleux\u00a0\u00bb \u00e0 Strasbourg du 15 au 27 mars 2017\n&#8211; Expose r\u00e9guli\u00e8rement au March\u00e9 des Cr\u00e9ateurs par Touch-Arts (Strasbourg\/Selestat 2015-2017)\n&#8211; Photographe Officiel pour de nombreux festivals entre 2002 et 2006 : Summer Jam, Rototom Sun Splash, Dour, Pal\u00e9o, Eurock, Reggae Sun ska,\u00a0 &#8230;\n&#8211;<strong> Photocall : Interf\u00e9rence, Nl Contest, Peri Art, Paye ton No\u00ebl, &#8230;<\/strong>\n&#8211; Photographe Officiel pour <a href=\"https:\/\/www.facebook.com\/pages\/Tattoo-World-Strasbourg\/142780839154333?fref=ts\" target=\"_blank\" rel=\"noopener noreferrer\">Tattoo World Strasbourg<\/a> 2011-2013\n&#8211; Photographe Officiel pour le Festival INACT 2013\n&#8211; S\u00e9lectionn\u00e9\u00a0 pour <a href=\"https:\/\/www.facebook.com\/TourFrancePhoto?fref=ts\" target=\"_blank\" rel=\"noopener noreferrer\">le Tour de France Photo 2013-14<\/a>\u00a0 &#8211; (<a href=\"https:\/\/www.facebook.com\/media\/set\/?set=a.457157637700285.1073741834.200452640037454&amp;type=3\" target=\"_blank\" rel=\"noopener noreferrer\">Les photos publi\u00e9es<\/a>)\n&#8211; Photographe Officiel EM Fashion Week Strasbourg 2013-2014\n<strong>&#8211; Photographe Officiel NL CONTEST de 2010 \u00e0 2013<\/strong>\n<strong>&#8211; Photographe Officiel pour le Festival Contre-Temps 2012-2013-2014-2015 et 2017<\/strong>\n&#8211; Look Book &amp; Pack Shot pour de nombreuses marques : MyLou, 100x ni l&rsquo;oie,\u00a0 L&rsquo;Atelier la Colombe, Adidas, Tibet Bleu,\u00a0 &#8230;\n&#8211; Directeur artistique pour : Carr\u00e9 Blanc, <a href=\"https:\/\/www.facebook.com\/raggasoundsystem\/\">Raggasoundsystem<\/a>, Da-web.com, Touch-Arts.Com, L&rsquo;atelier la Colombe, TA&rsquo;Coustique, La Maison Citoyenne \u00e0 Strasbourg, Tibet Bleu,\n&#8211; S\u00e9lection des 17 premiers artistes du mois + interview pour <a href=\"https:\/\/www.facebook.com\/cozemagazine?ref=ts&amp;fref=ts\">COZE Magazine<\/a>\n&#8211; Commande de la ville de Strasbourg pour l&rsquo;association du quartier Gare en 2012\n<hr \/>\n<strong>&#8211; Publications dans de nombreux journaux et magazine :<\/strong> Midi Libre, Les DNA, Reggae Magazine, Coze, Was, Femme Actuelle, 1704, l&rsquo;Alsace, le Monde, Le huffington Post, Zut, Femme Actuelle, \u00a0 T\u00e9l\u00e9rama, Ville de Strasbourg, L&rsquo;atelier la Colombe, le Tibet Bleu, Lib\u00e9ration, HuffingtonPost, 20 Minutes, Rue89, Mediapart, Quotidien &#8230;\n&#8211; Photographe\u00a0officiel pour les Cin\u00e9mas Star de Strasbourg entre 2012-2015 (ambiance + portraits d&rsquo;artistes).\n<hr \/>\n&#8211;<strong> Divers Expositions comme par exemple<\/strong> : La Popartiserie, Pub Mac Carthy, Bar le tigre, Galerie d&rsquo;art la Paix, Zenith de Strasbourg, Maison Mimir, Jeannette et les cycleux, l&rsquo;Elastic Bar, Le caf\u00e9 Grognon, les march\u00e9s des Cr\u00e9ateurs place de Zurich,\u00a0 &#8230;\n&#8211; Photographe officiel pour les soir\u00e9es <a href=\"https:\/\/www.facebook.com\/tacoustique\/\">TA&rsquo;Coustique\u00a0<\/a>\n<p style=\"text-align: center;\"><strong><a href=\"http:\/\/www.touch-arts.com\/djeb\/book\/\"><img loading=\"lazy\" decoding=\"async\" class=\"alignnone wp-image-320\" src=\"http:\/\/www.touch-arts.com\/djeb\/wp-content\/uploads\/2014\/09\/10660383_702931889789524_4596137828415496524_n.jpg\" alt=\"photo-expo-djeb\" width=\"392\" height=\"392\" srcset=\"https:\/\/www.touch-arts.com\/djeb\/wp-content\/uploads\/2014\/09\/10660383_702931889789524_4596137828415496524_n.jpg 640w, https:\/\/www.touch-arts.com\/djeb\/wp-content\/uploads\/2014\/09\/10660383_702931889789524_4596137828415496524_n-150x150.jpg 150w, https:\/\/www.touch-arts.com\/djeb\/wp-content\/uploads\/2014\/09\/10660383_702931889789524_4596137828415496524_n-300x300.jpg 300w\" sizes=\"auto, (max-width: 392px) 100vw, 392px\" \/><\/a>\n&#8212;&#8212;&#8212;&#8212;&#8212;&#8212;&#8212;&#8212;&#8212;&#8212;&#8212;&#8212;&#8212;&#8212;&#8212;&#8212;&#8212;&#8212;&#8212;&#8212;&#8212;&#8212;&#8212;&#8212;&#8212;&#8212;&#8212;&#8212;<\/strong><\/p>\n<strong>Dipl\u00f4mes:<\/strong>\n<span class=\"text_exposed_show\">\n&#8211; BTS Infographie\/multim\u00e9dia &#8211; Majeur de Promotion obtenu \u00e0 Paris en 2001 \u00e0 l&rsquo;Ecole du Multim\u00e9dia (75)\n<\/span>\n<strong>Presse et publications :<\/strong>\n<figure id=\"attachment_218\" aria-describedby=\"caption-attachment-218\" style=\"width: 446px\" class=\"wp-caption alignnone\"><a href=\"http:\/\/www.touch-arts.com\/djeb\/wp-content\/uploads\/2013\/10\/Capture-de\u0301cran-2014-09-18-11.28.01.png\"><img loading=\"lazy\" decoding=\"async\" class=\" wp-image-218\" src=\"http:\/\/www.touch-arts.com\/djeb\/wp-content\/uploads\/2013\/10\/Capture-de\u0301cran-2014-09-18-11.28.01.png\" alt=\"25 avril 2013 - Photo pour illustrer un Article sur Rue89 Strasbourg \" width=\"446\" height=\"328\" srcset=\"https:\/\/www.touch-arts.com\/djeb\/wp-content\/uploads\/2013\/10\/Capture-de\u0301cran-2014-09-18-11.28.01.png 504w, https:\/\/www.touch-arts.com\/djeb\/wp-content\/uploads\/2013\/10\/Capture-de\u0301cran-2014-09-18-11.28.01-300x220.png 300w\" sizes=\"auto, (max-width: 446px) 100vw, 446px\" \/><\/a><figcaption id=\"caption-attachment-218\" class=\"wp-caption-text\">25 avril 2013 &#8211; Photo pour illustrer <a href=\"http:\/\/www.rue89strasbourg.com\/index.php\/2013\/04\/25\/vie-pratique\/bienvenue-dans-les-meilleurs-bars-a-concerts-de-strasbourg\/\" target=\"_blank\" rel=\"noopener noreferrer\">un Article<\/a> sur Rue89 Strasbourg<\/figcaption><\/figure>\n<strong>\u00a0<\/strong>\n<figure id=\"attachment_215\" aria-describedby=\"caption-attachment-215\" style=\"width: 419px\" class=\"wp-caption alignnone\"><a href=\"http:\/\/www.touch-arts.com\/djeb\/wp-content\/uploads\/2013\/10\/2014-09-17-13.21.13.jpg\"><img loading=\"lazy\" decoding=\"async\" class=\"wp-image-215\" src=\"http:\/\/www.touch-arts.com\/djeb\/wp-content\/uploads\/2013\/10\/2014-09-17-13.21.13.jpg\" alt=\"Article du 06 juin 2012 dans les DNA - La f\u00eate prend ses aises ! 30 portraits dans la ville\" width=\"419\" height=\"314\" srcset=\"https:\/\/www.touch-arts.com\/djeb\/wp-content\/uploads\/2013\/10\/2014-09-17-13.21.13.jpg 3264w, https:\/\/www.touch-arts.com\/djeb\/wp-content\/uploads\/2013\/10\/2014-09-17-13.21.13-300x225.jpg 300w, https:\/\/www.touch-arts.com\/djeb\/wp-content\/uploads\/2013\/10\/2014-09-17-13.21.13-1024x768.jpg 1024w\" sizes=\"auto, (max-width: 419px) 100vw, 419px\" \/><\/a><figcaption id=\"caption-attachment-215\" class=\"wp-caption-text\">Article du 06 juin 2012 dans les DNA &#8211; La f\u00eate prend ses aises ! 30 portraits dans la ville &#8211; Cliquez l&rsquo;image pour lire<\/figcaption><\/figure>\n<strong>\u00a0<\/strong>\n<figure id=\"attachment_199\" aria-describedby=\"caption-attachment-199\" style=\"width: 308px\" class=\"wp-caption alignnone\"><a href=\"http:\/\/www.touch-arts.com\/djeb\/wp-content\/uploads\/2013\/10\/10401875_698445423571504_876403137673713782_n.jpg\"><img loading=\"lazy\" decoding=\"async\" class=\" wp-image-199\" src=\"http:\/\/www.touch-arts.com\/djeb\/wp-content\/uploads\/2013\/10\/10401875_698445423571504_876403137673713782_n.jpg\" alt=\"Publication dans un programme de spectacle - Portrait de Florian Hugnin - Aout 2014\" width=\"308\" height=\"548\" srcset=\"https:\/\/www.touch-arts.com\/djeb\/wp-content\/uploads\/2013\/10\/10401875_698445423571504_876403137673713782_n.jpg 540w, https:\/\/www.touch-arts.com\/djeb\/wp-content\/uploads\/2013\/10\/10401875_698445423571504_876403137673713782_n-168x300.jpg 168w\" sizes=\"auto, (max-width: 308px) 100vw, 308px\" \/><\/a><figcaption id=\"caption-attachment-199\" class=\"wp-caption-text\">Publication dans un programme de spectacle &#8211; Portrait de Florian Hugnin &#8211; Aout 2014<\/figcaption><\/figure>\n<h2>Pour voir tous les articles dans les DNA, <a href=\"http:\/\/www.dna.fr\/search?q=touch-arts&amp;x=0&amp;y=0&amp;x=1&amp;y=1\" target=\"_blank\" rel=\"noopener noreferrer\">c&rsquo;est par ici<\/a><\/h2>\n<figure id=\"attachment_198\" aria-describedby=\"caption-attachment-198\" style=\"width: 474px\" class=\"wp-caption alignnone\"><a href=\"http:\/\/www.touch-arts.com\/djeb\/wp-content\/uploads\/2013\/10\/935745_454423057973743_1655424322_n.jpg\"><img loading=\"lazy\" decoding=\"async\" class=\" wp-image-198\" src=\"http:\/\/www.touch-arts.com\/djeb\/wp-content\/uploads\/2013\/10\/935745_454423057973743_1655424322_n.jpg\" alt=\" DNA 25 avril 2013 - Edition saverne. Photo pour le P\u00e9ri'art Festival\" width=\"474\" height=\"586\" srcset=\"https:\/\/www.touch-arts.com\/djeb\/wp-content\/uploads\/2013\/10\/935745_454423057973743_1655424322_n.jpg 777w, https:\/\/www.touch-arts.com\/djeb\/wp-content\/uploads\/2013\/10\/935745_454423057973743_1655424322_n-242x300.jpg 242w\" sizes=\"auto, (max-width: 474px) 100vw, 474px\" \/><\/a><figcaption id=\"caption-attachment-198\" class=\"wp-caption-text\"><br \/>DNA 25 avril 2013 &#8211; Edition saverne.<br \/>Photo pour le P\u00e9ri&rsquo;art Festival<\/figcaption><\/figure>\n<h6 style=\"text-align: center;\"><strong>&#8212;&#8212;&#8212;&#8212;&#8212;&#8212;&#8212;&#8212;&#8212;&#8212;&#8212;&#8212;&#8212;&#8212;&#8212;&#8212;&#8212;&#8212;&#8212;&#8212;&#8212;&#8212;&#8212;&#8212;&#8212;&#8212;&#8212;&#8212;<\/strong><\/h6>\n<h6><em>MENTIONS L\u00c9GALES : Les photographies et textes pr\u00e9sents sur ce site sont prot\u00e9g\u00e9es par la l\u00e9gislation en vigueur sur le droit d\u2019auteur. Toute utilisation frauduleuse totale ou partielle du contenu photographique et textuel de ce site sans autorisation expresse de l\u2019auteur est formellement interdite (article L122-4 du Code de la Propri\u00e9t\u00e9 Intellectuelle).\n<\/em>\n<em>Ne pas modifier, copier, diffuser mes photos sans ma permissi<span class=\"text_exposed_show\">on \u00e9crite. Les photographies sont prot\u00e9g\u00e9es par la l\u00e9gislation en vigueur sur le droit d\u2019auteur. Toute utilisation frauduleuse totale ou partielle du contenu photographique et textuel de ce site sans autorisation expresse de l\u2019auteur est formellement interdite (article L122-4 du Code de la Propri\u00e9t\u00e9 Intellectuelle). Le maquillage ou effacement des \u00e9l\u00e9ments de propri\u00e9t\u00e9 et le recadrage sont formellement interdits. Les contrevenants s\u2019exposent \u00e0 des poursuites, conform\u00e9ment aux articles L335-2 et L335-3 du Code de la Propri\u00e9t\u00e9 Intellectuelle.\n\u00a0\u00bb Absence de signature. Il arrive fr\u00e9quemment que des \u0153uvres soient diffus\u00e9es sans que le nom de l&rsquo;auteur soit mentionn\u00e9. Ces pratiques sont ill\u00e9gales au sens de l&rsquo;art. L.121-1 du CPI. Sous de nombreuses publications de photographies dans la presse, il appara\u00eet la mention \u00ab DR \u00bb (Droits R\u00e9serv\u00e9s). Cette pratique, loin d&rsquo;\u00eatre marginale, est manifestement ill\u00e9gale au regard du droit moral de l&rsquo;auteur et du monopole d&rsquo;exploitation dont b\u00e9n\u00e9ficie l&rsquo;auteur. Il est \u00e0 rappeler que les \u0153uvres dont on ne conna\u00eet pas l&rsquo;auteur (\u00ab \u0153uvres orphelines \u00bb) ne peuvent nullement \u00eatre exploit\u00e9es sans accord de l&rsquo;auteur.\n<\/span><\/em><\/h6>\n","protected":false},"excerpt":{"rendered":"<p>En 2 phrases ! \u00a0\u00bb Djeb est un de ces artistes \u00e9tonnants, en perp\u00e9tuels mouvements cr\u00e9atifs qui se sert de son espace comme d&rsquo;un terrain de jeux. De nature touche \u00e0 tout, il est tant\u00f4t infographiste, photographe-retoucheur, directeur artistique, mais surtout fondateur et Pr\u00e9sident de l&rsquo;association de promotion artistique\u00a0 Touch-arts.com\u00a0\u00bb Texte par Solveen Dromson \u00a0 Fondateur de l&rsquo;association Touch-Arts, Les march\u00e9s des Cr\u00e9ateurs, Raggasoundsystem &#8211; Proposez moi vos projets directement ici LE PROJET \u00ab\u00a0L\u00e9vitation\u00a0\u00bb :[&#8230;]<\/p>\n","protected":false},"author":1,"featured_media":204,"parent":0,"menu_order":0,"comment_status":"open","ping_status":"open","template":"","meta":{"footnotes":""},"class_list":["post-19","page","type-page","status-publish","has-post-thumbnail","hentry"],"jetpack_sharing_enabled":true,"_links":{"self":[{"href":"https:\/\/www.touch-arts.com\/djeb\/wp-json\/wp\/v2\/pages\/19","targetHints":{"allow":["GET"]}}],"collection":[{"href":"https:\/\/www.touch-arts.com\/djeb\/wp-json\/wp\/v2\/pages"}],"about":[{"href":"https:\/\/www.touch-arts.com\/djeb\/wp-json\/wp\/v2\/types\/page"}],"author":[{"embeddable":true,"href":"https:\/\/www.touch-arts.com\/djeb\/wp-json\/wp\/v2\/users\/1"}],"replies":[{"embeddable":true,"href":"https:\/\/www.touch-arts.com\/djeb\/wp-json\/wp\/v2\/comments?post=19"}],"version-history":[{"count":42,"href":"https:\/\/www.touch-arts.com\/djeb\/wp-json\/wp\/v2\/pages\/19\/revisions"}],"predecessor-version":[{"id":815,"href":"https:\/\/www.touch-arts.com\/djeb\/wp-json\/wp\/v2\/pages\/19\/revisions\/815"}],"wp:featuredmedia":[{"embeddable":true,"href":"https:\/\/www.touch-arts.com\/djeb\/wp-json\/wp\/v2\/media\/204"}],"wp:attachment":[{"href":"https:\/\/www.touch-arts.com\/djeb\/wp-json\/wp\/v2\/media?parent=19"}],"curies":[{"name":"wp","href":"https:\/\/api.w.org\/{rel}","templated":true}]}}